{"id":138,"date":"2023-12-29T12:54:25","date_gmt":"2023-12-29T11:54:25","guid":{"rendered":"https:\/\/www.in-town.ch\/?page_id=138"},"modified":"2024-11-29T12:25:11","modified_gmt":"2024-11-29T11:25:11","slug":"swiss-motorcycle-license-practice","status":"publish","type":"page","link":"https:\/\/www.in-town.ch\/en\/permis-moto-suisse-la-pratique\/","title":{"rendered":"Swiss motorcycle licence: practicalities"},"content":{"rendered":"<p>[et_pb_section fb_built=\u00a0\u00bb1&Prime; admin_label=\u00a0\u00bbHeader\u00a0\u00bb _builder_version=\u00a0\u00bb4.24.0&Prime; _module_preset=\u00a0\u00bbdefault\u00a0\u00bb use_background_color_gradient=\u00a0\u00bbon\u00a0\u00bb background_color_gradient_stops=\u00a0\u00bbrgba(0,0,0,0.8) 0%|rgba(0,0,0,0.5) 100%\u00a0\u00bb background_color_gradient_overlays_image=\u00a0\u00bbon\u00a0\u00bb background_image=\u00a0\u00bbhttps:\/\/www.in-town.ch\/wp-content\/uploads\/2024\/01\/cours-pratique-moto-suisse.jpg\u00a0\u00bb custom_padding=\u00a0\u00bb0px||210px||false|\u00a0\u00bb collapsed=\u00a0\u00bbon\u00a0\u00bb global_colors_info=\u00a0\u00bb{}\u00a0\u00bb][et_pb_row _builder_version=\u00a0\u00bb4.27.0&Prime; _module_preset=\u00a0\u00bbdefault\u00a0\u00bb width=\u00a0\u00bb100%\u00a0\u00bb width_tablet=\u00a0\u00bb88%\u00a0\u00bb width_phone=\u00a0\u00bb100%\u00a0\u00bb width_last_edited=\u00a0\u00bbon|tablet\u00a0\u00bb max_width=\u00a0\u00bb1200px\u00a0\u00bb max_width_tablet=\u00a0\u00bb\u00a0\u00bb max_width_phone=\u00a0\u00bb\u00a0\u00bb max_width_last_edited=\u00a0\u00bbon|tablet\u00a0\u00bb min_height=\u00a0\u00bb63px\u00a0\u00bb custom_margin=\u00a0\u00bb0px|auto||auto|false|false\u00a0\u00bb custom_margin_tablet=\u00a0\u00bb-3px||||false|false\u00a0\u00bb custom_margin_phone=\u00a0\u00bb-3px||||false|false\u00a0\u00bb custom_margin_last_edited=\u00a0\u00bbon|phone\u00a0\u00bb custom_padding=\u00a0\u00bb0px||||false|false\u00a0\u00bb sticky_position=\u00a0\u00bbtop\u00a0\u00bb global_module=\u00a0\u00bb769&Prime; saved_tabs=\u00a0\u00bball\u00a0\u00bb locked=\u00a0\u00bboff\u00a0\u00bb global_colors_info=\u00a0\u00bb{}\u00a0\u00bb][et_pb_column type=\u00a0\u00bb4_4&Prime; _builder_version=\u00a0\u00bb4.20.0&Prime; _module_preset=\u00a0\u00bbdefault\u00a0\u00bb global_colors_info=\u00a0\u00bb{}\u00a0\u00bb][et_pb_menu menu_id=\u00a0\u00bb10&Prime; menu_style=\u00a0\u00bbcentered\u00a0\u00bb active_link_color=\u00a0\u00bb#FDD210&Prime; dropdown_menu_active_link_color=\u00a0\u00bb#FDD210&Prime; mobile_menu_bg_color=\u00a0\u00bb#FFFFFF\u00a0\u00bb cart_icon_color=\u00a0\u00bb#FDD210&Prime; menu_icon_color=\u00a0\u00bb#000000&Prime; _builder_version=\u00a0\u00bb4.26.0&Prime; _module_preset=\u00a0\u00bbdefault\u00a0\u00bb menu_font=\u00a0\u00bbPoppins||||||||\u00a0\u00bb menu_text_color=\u00a0\u00bb#000000&Prime; background_color=\u00a0\u00bb#FFFFFF\u00a0\u00bb custom_margin=\u00a0\u00bb0px|||0px|false|false\u00a0\u00bb custom_padding=\u00a0\u00bb5px|20px|5px|20px|true|true\u00a0\u00bb background_color_phone=\u00a0\u00bb#FDD210&Prime; background_last_edited=\u00a0\u00bbon|phone\u00a0\u00bb background_enable_color_phone=\u00a0\u00bbon\u00a0\u00bb border_radii=\u00a0\u00bboff|||15px|15px\u00a0\u00bb border_width_all_image=\u00a0\u00bb0px\u00a0\u00bb box_shadow_style=\u00a0\u00bbpreset1&Prime; global_colors_info=\u00a0\u00bb{}\u00a0\u00bb][\/et_pb_menu][\/et_pb_column][\/et_pb_row][et_pb_row _builder_version=\u00a0\u00bb4.20.0&Prime; _module_preset=\u00a0\u00bbdefault\u00a0\u00bb locked=\u00a0\u00bboff\u00a0\u00bb global_colors_info=\u00a0\u00bb{}\u00a0\u00bb][et_pb_column type=\u00a0\u00bb4_4&Prime; _builder_version=\u00a0\u00bb4.20.0&Prime; _module_preset=\u00a0\u00bbdefault\u00a0\u00bb global_colors_info=\u00a0\u00bb{}\u00a0\u00bb][et_pb_text _builder_version=\u00a0\u00bb4.24.0&Prime; _module_preset=\u00a0\u00bb2dc4bf92-ff86-4015-84b7-0efa6f751c90&Prime; header_font=\u00a0\u00bbWork Sans||||||||\u00a0\u00bb header_text_color=\u00a0\u00bb#FFFFFF\u00a0\u00bb header_font_size=\u00a0\u00bb48px\u00a0\u00bb header_letter_spacing=\u00a0\u00bb-2px\u00a0\u00bb width_tablet=\u00a0\u00bb\u00a0\u00bb width_phone=\u00a0\u00bb102%\u00a0\u00bb width_last_edited=\u00a0\u00bbon|phone\u00a0\u00bb max_width_tablet=\u00a0\u00bb\u00a0\u00bb max_width_phone=\u00a0\u00bb\u00a0\u00bb max_width_last_edited=\u00a0\u00bbon|phone\u00a0\u00bb header_font_size_phone=\u00a0\u00bb35px\u00a0\u00bb global_colors_info=\u00a0\u00bb{}\u00a0\u00bb]<\/p>\n<h1>Permis moto Suisse : pratiquer avec des pros<\/h1>\n<p>[\/et_pb_text][\/et_pb_column][\/et_pb_row][et_pb_row column_structure=\u00a0\u00bb3_4,1_4&Prime; _builder_version=\u00a0\u00bb4.23.4&Prime; _module_preset=\u00a0\u00bbdefault\u00a0\u00bb width=\u00a0\u00bb91%\u00a0\u00bb custom_margin=\u00a0\u00bb|auto||331px|false|false\u00a0\u00bb custom_margin_tablet=\u00a0\u00bb|||10px|false|false\u00a0\u00bb custom_margin_phone=\u00a0\u00bb|auto||16px|false|false\u00a0\u00bb custom_margin_last_edited=\u00a0\u00bbon|phone\u00a0\u00bb locked=\u00a0\u00bboff\u00a0\u00bb global_colors_info=\u00a0\u00bb{}\u00a0\u00bb][et_pb_column type=\u00a0\u00bb3_4&Prime; _builder_version=\u00a0\u00bb4.20.0&Prime; _module_preset=\u00a0\u00bbdefault\u00a0\u00bb global_colors_info=\u00a0\u00bb{}\u00a0\u00bb][\/et_pb_column][et_pb_column type=\u00a0\u00bb1_4&Prime; _builder_version=\u00a0\u00bb4.20.0&Prime; _module_preset=\u00a0\u00bbdefault\u00a0\u00bb global_colors_info=\u00a0\u00bb{}\u00a0\u00bb][et_pb_text _builder_version=\u00a0\u00bb4.23.4&Prime; _module_preset=\u00a0\u00bb3c912d65-16f6-463d-a7c5-a0b4cf46c99d\u00a0\u00bb text_font=\u00a0\u00bbPoppins||on||||||\u00a0\u00bb text_text_color=\u00a0\u00bb#000000&Prime; text_font_size=\u00a0\u00bb28px\u00a0\u00bb header_font_size=\u00a0\u00bb23px\u00a0\u00bb header_4_text_color=\u00a0\u00bb#FFFFFF\u00a0\u00bb background_enable_color=\u00a0\u00bboff\u00a0\u00bb use_background_color_gradient=\u00a0\u00bbon\u00a0\u00bb background_color_gradient_direction=\u00a0\u00bb90deg\u00a0\u00bb background_color_gradient_stops=\u00a0\u00bbgcid-a98e4de7-9914-4c7d-a8d3-981528735fdb 54%|rgba(234,218,0,0) 94%\u00a0\u00bb background_layout=\u00a0\u00bbdark\u00a0\u00bb custom_margin=\u00a0\u00bb0px||2px|-27px|false|false\u00a0\u00bb custom_margin_tablet=\u00a0\u00bb|||22px|false|false\u00a0\u00bb custom_margin_phone=\u00a0\u00bb|||12px|false|false\u00a0\u00bb custom_margin_last_edited=\u00a0\u00bbon|phone\u00a0\u00bb custom_padding=\u00a0\u00bb21px||20px|21px|false|false\u00a0\u00bb link_option_url=\u00a0\u00bb#rdv\u00a0\u00bb border_radii=\u00a0\u00bboff|300px|||300px\u00a0\u00bb global_colors_info=\u00a0\u00bb{%22gcid-a98e4de7-9914-4c7d-a8d3-981528735fdb%22:%91%22background_color_gradient_stops%22%93}\u00a0\u00bb background__hover_enabled=\u00a0\u00bbon|hover\u00a0\u00bb use_background_color_gradient__hover=\u00a0\u00bboff\u00a0\u00bb background_color__hover=\u00a0\u00bb#FDD210&Prime; background_enable_color__hover=\u00a0\u00bbon\u00a0\u00bb border_radii__hover_enabled=\u00a0\u00bbon|hover\u00a0\u00bb border_radii__hover=\u00a0\u00bbon|300px|300px|300px|300px\u00a0\u00bb content__hover_enabled=\u00a0\u00bbon|hover\u00a0\u00bb content__hover=\u00a0\u00bb<\/p>\n<p style=%22text-align: center;%22><span>Je r\u00e9serve<\/span><\/p>\n<p>\u00a0\u00bb custom_margin__hover_enabled=\u00a0\u00bbon|hover\u00a0\u00bb custom_margin__hover=\u00a0\u00bb|||-27px|false|false\u00a0\u00bb custom_padding__hover_enabled=\u00a0\u00bbon|hover\u00a0\u00bb custom_padding__hover=\u00a0\u00bb|||0px|false|false\u00a0\u00bb]<\/p>\n<p style=\"text-align: left;\"><span>Je r\u00e9serve<\/span><\/p>\n<p>[\/et_pb_text][\/et_pb_column][\/et_pb_row][\/et_pb_section][et_pb_section fb_built=\u00a0\u00bb1&Prime; admin_label=\u00a0\u00bbAbout\u00a0\u00bb _builder_version=\u00a0\u00bb4.24.0&Prime; _module_preset=\u00a0\u00bbdefault\u00a0\u00bb background_color=\u00a0\u00bbgcid-ee37f9db-558a-4c1e-93ad-2fb984fae1ac\u00a0\u00bb width=\u00a0\u00bb71%\u00a0\u00bb width_tablet=\u00a0\u00bb100%\u00a0\u00bb width_phone=\u00a0\u00bb100%\u00a0\u00bb width_last_edited=\u00a0\u00bbon|phone\u00a0\u00bb max_width_tablet=\u00a0\u00bb\u00a0\u00bb max_width_phone=\u00a0\u00bb\u00a0\u00bb max_width_last_edited=\u00a0\u00bbon|phone\u00a0\u00bb module_alignment=\u00a0\u00bbcenter\u00a0\u00bb custom_margin=\u00a0\u00bb-114px||||false|false\u00a0\u00bb custom_margin_tablet=\u00a0\u00bb-139px||||false|false\u00a0\u00bb custom_margin_phone=\u00a0\u00bb-146px||||false|false\u00a0\u00bb custom_margin_last_edited=\u00a0\u00bbon|phone\u00a0\u00bb border_radii=\u00a0\u00bboff|142px|||\u00a0\u00bb collapsed=\u00a0\u00bbon\u00a0\u00bb global_colors_info=\u00a0\u00bb{%22gcid-ee37f9db-558a-4c1e-93ad-2fb984fae1ac%22:%91%22background_color%22%93}\u00a0\u00bb][et_pb_row _builder_version=\u00a0\u00bb4.23.1&Prime; _module_preset=\u00a0\u00bbdefault\u00a0\u00bb max_width=\u00a0\u00bb1007px\u00a0\u00bb global_colors_info=\u00a0\u00bb{}\u00a0\u00bb][et_pb_column type=\u00a0\u00bb4_4&Prime; _builder_version=\u00a0\u00bb4.20.0&Prime; _module_preset=\u00a0\u00bbdefault\u00a0\u00bb global_colors_info=\u00a0\u00bb{}\u00a0\u00bb][et_pb_text _builder_version=\u00a0\u00bb4.23.4&Prime; _module_preset=\u00a0\u00bba95de4b7-4911-4678-b33b-62800647e598&Prime; text_font=\u00a0\u00bbWork Sans||||||||\u00a0\u00bb text_font_size=\u00a0\u00bb17px\u00a0\u00bb text_letter_spacing=\u00a0\u00bb-1px\u00a0\u00bb header_font_size=\u00a0\u00bb32px\u00a0\u00bb header_3_font=\u00a0\u00bbLora||||||||\u00a0\u00bb header_3_text_color=\u00a0\u00bb#000000&Prime; header_3_font_size=\u00a0\u00bb31px\u00a0\u00bb header_3_line_height=\u00a0\u00bb1.4em\u00a0\u00bb custom_margin=\u00a0\u00bb20px|||||\u00a0\u00bb custom_padding=\u00a0\u00bb18px||||false|false\u00a0\u00bb border_width_top=\u00a0\u00bb3px\u00a0\u00bb border_color_top=\u00a0\u00bb#FDD210&Prime; locked=\u00a0\u00bboff\u00a0\u00bb global_colors_info=\u00a0\u00bb{}\u00a0\u00bb]<\/p>\n<h3 class=\"p1\">R\u00e9servez un cours de conduite moto en ligne<\/h3>\n<p>[\/et_pb_text][et_pb_code disabled_on=\u00a0\u00bboff|off|off\u00a0\u00bb module_id=\u00a0\u00bbrdv\u00a0\u00bb _builder_version=\u00a0\u00bb4.25.0&Prime; _module_preset=\u00a0\u00bbdefault\u00a0\u00bb locked=\u00a0\u00bboff\u00a0\u00bb global_colors_info=\u00a0\u00bb{}\u00a0\u00bb]<iframe id=\"VktVXzUwMjE=\" data-src=\"https:\/\/www.vku-pgs.asa.ch\/fr\/public\/coursegroup\/VktVXzUwMjE=\/1\/PGS\" height=\"350px\" width=\"100%\" style=\"border: none;\" src=\"data:image\/svg+xml;base64,PHN2ZyB3aWR0aD0iMSIgaGVpZ2h0PSIxIiB4bWxucz0iaHR0cDovL3d3dy53My5vcmcvMjAwMC9zdmciPjwvc3ZnPg==\" class=\"lazyload\" data-load-mode=\"1\"><\/iframe><!-- [et_pb_line_break_holder] -->[\/et_pb_code][et_pb_toggle title=\u00a0\u00bbCours de pratique de moto : L&rsquo;art de la ma\u00eetrise deux-roues\u00a0\u00bb open=\u00a0\u00bbon\u00a0\u00bb open_toggle_background_color=\u00a0\u00bb#fdd210&Prime; closed_toggle_background_color=\u00a0\u00bbrgba(253,210,16,0.7)\u00a0\u00bb icon_color=\u00a0\u00bb#000000&Prime; toggle_icon=\u00a0\u00bb&#x4c;||divi||400&Prime; use_icon_font_size=\u00a0\u00bbon\u00a0\u00bb icon_font_size=\u00a0\u00bb64px\u00a0\u00bb open_icon_color=\u00a0\u00bb#000000&Prime; open_toggle_icon=\u00a0\u00bb&#x4b;||divi||400&Prime; open_use_icon_font_size=\u00a0\u00bbon\u00a0\u00bb open_icon_font_size=\u00a0\u00bb64px\u00a0\u00bb icon_font_size_tablet=\u00a0\u00bb\u00a0\u00bb icon_font_size_phone=\u00a0\u00bb32px\u00a0\u00bb icon_font_size_last_edited=\u00a0\u00bbon|phone\u00a0\u00bb open_icon_font_size_tablet=\u00a0\u00bb\u00a0\u00bb open_icon_font_size_phone=\u00a0\u00bb32px\u00a0\u00bb open_icon_font_size_last_edited=\u00a0\u00bbon|desktop\u00a0\u00bb _builder_version=\u00a0\u00bb4.23.1&Prime; _module_preset=\u00a0\u00bbcdc2a25e-ce5b-4629-a3af-c4aa76128459&Prime; title_text_color=\u00a0\u00bb#000000&Prime; title_level=\u00a0\u00bbh2&Prime; title_font=\u00a0\u00bbLora|600|||||||\u00a0\u00bb title_font_size=\u00a0\u00bb30px\u00a0\u00bb body_font=\u00a0\u00bbWork Sans||||||||\u00a0\u00bb body_text_color=\u00a0\u00bb#000000&Prime; body_font_size=\u00a0\u00bb17px\u00a0\u00bb body_letter_spacing=\u00a0\u00bb-1px\u00a0\u00bb body_line_height=\u00a0\u00bb1.5em\u00a0\u00bb custom_padding=\u00a0\u00bb|22px||22px|false|true\u00a0\u00bb title_font_size_tablet=\u00a0\u00bb24px\u00a0\u00bb title_font_size_phone=\u00a0\u00bb18px\u00a0\u00bb title_font_size_last_edited=\u00a0\u00bbon|desktop\u00a0\u00bb border_width_all=\u00a0\u00bb0px\u00a0\u00bb border_width_bottom=\u00a0\u00bb1px\u00a0\u00bb border_color_bottom=\u00a0\u00bb#000000&Prime; locked=\u00a0\u00bboff\u00a0\u00bb global_colors_info=\u00a0\u00bb{}\u00a0\u00bb]<\/p>\n<p>La moto, symbole de libert\u00e9 et d\u2019aventure, n\u00e9cessite une formation compl\u00e8te pour \u00eatre ma\u00eetris\u00e9e en toute s\u00e9curit\u00e9. \u00c0 Gen\u00e8ve, notre \u00e9cole de moto propose une gamme de cours de pratique de moto adapt\u00e9s \u00e0 tous les niveaux, des d\u00e9butants aux conducteurs exp\u00e9riment\u00e9s. D\u00e9couvrez ci-dessous nos diff\u00e9rents cours et perfectionnez vos comp\u00e9tences \u00e0 moto.<\/p>\n<p>[\/et_pb_toggle][et_pb_toggle title=\u00a0\u00bbPermis moto Gen\u00e8ve : R\u00e9ussissez avec In-Town\u00a0\u00bb open=\u00a0\u00bbon\u00a0\u00bb open_toggle_background_color=\u00a0\u00bb#fdd210&Prime; closed_toggle_background_color=\u00a0\u00bbrgba(253,210,16,0.7)\u00a0\u00bb icon_color=\u00a0\u00bb#000000&Prime; toggle_icon=\u00a0\u00bb&#x4c;||divi||400&Prime; use_icon_font_size=\u00a0\u00bbon\u00a0\u00bb icon_font_size=\u00a0\u00bb64px\u00a0\u00bb open_icon_color=\u00a0\u00bb#000000&Prime; open_toggle_icon=\u00a0\u00bb&#x4b;||divi||400&Prime; open_use_icon_font_size=\u00a0\u00bbon\u00a0\u00bb open_icon_font_size=\u00a0\u00bb64px\u00a0\u00bb icon_font_size_tablet=\u00a0\u00bb\u00a0\u00bb icon_font_size_phone=\u00a0\u00bb32px\u00a0\u00bb icon_font_size_last_edited=\u00a0\u00bbon|phone\u00a0\u00bb open_icon_font_size_tablet=\u00a0\u00bb\u00a0\u00bb open_icon_font_size_phone=\u00a0\u00bb32px\u00a0\u00bb open_icon_font_size_last_edited=\u00a0\u00bbon|desktop\u00a0\u00bb _builder_version=\u00a0\u00bb4.27.4&Prime; _module_preset=\u00a0\u00bbcdc2a25e-ce5b-4629-a3af-c4aa76128459&Prime; title_text_color=\u00a0\u00bb#000000&Prime; title_level=\u00a0\u00bbh2&Prime; title_font=\u00a0\u00bbLora|600|||||||\u00a0\u00bb title_font_size=\u00a0\u00bb30px\u00a0\u00bb body_font=\u00a0\u00bbWork Sans||||||||\u00a0\u00bb body_text_color=\u00a0\u00bb#000000&Prime; body_font_size=\u00a0\u00bb17px\u00a0\u00bb body_letter_spacing=\u00a0\u00bb-1px\u00a0\u00bb body_line_height=\u00a0\u00bb1.5em\u00a0\u00bb custom_padding=\u00a0\u00bb|22px||22px|false|true\u00a0\u00bb title_font_size_tablet=\u00a0\u00bb24px\u00a0\u00bb title_font_size_phone=\u00a0\u00bb18px\u00a0\u00bb title_font_size_last_edited=\u00a0\u00bbon|desktop\u00a0\u00bb border_width_all=\u00a0\u00bb0px\u00a0\u00bb border_width_bottom=\u00a0\u00bb1px\u00a0\u00bb border_color_bottom=\u00a0\u00bb#000000&Prime; locked=\u00a0\u00bboff\u00a0\u00bb global_colors_info=\u00a0\u00bb{}\u00a0\u00bb]<\/p>\n<p>Obtenez votre <strong>permis moto \u00e0 Gen\u00e8ve<\/strong> avec In-Town, l&rsquo;auto-\u00e9cole de r\u00e9f\u00e9rence pour les deux-roues. Nos moniteurs certifi\u00e9s vous accompagnent \u00e0 chaque \u00e9tape, de la th\u00e9orie \u00e0 la pratique, pour vous pr\u00e9parer efficacement aux parcours et exigences sp\u00e9cifiques de Gen\u00e8ve. Avec des formations adapt\u00e9es \u00e0 toutes les cat\u00e9gories (A1, A limit\u00e9, A illimit\u00e9) et un focus sur la s\u00e9curit\u00e9, vous \u00eates assur\u00e9 de r\u00e9ussir votre examen moto dans les meilleures conditions.<\/p>\n<p>[\/et_pb_toggle][\/et_pb_column][\/et_pb_row][\/et_pb_section][et_pb_section fb_built=\u00a0\u00bb1&Prime; disabled_on=\u00a0\u00bbon|on|off\u00a0\u00bb _builder_version=\u00a0\u00bb4.24.0&Prime; _module_preset=\u00a0\u00bbdefault\u00a0\u00bb positioning=\u00a0\u00bbnone\u00a0\u00bb width=\u00a0\u00bb7%\u00a0\u00bb module_alignment=\u00a0\u00bbright\u00a0\u00bb custom_margin=\u00a0\u00bb0px|||9px|false|false\u00a0\u00bb custom_padding=\u00a0\u00bb0px||0px||false|false\u00a0\u00bb sticky_position=\u00a0\u00bbtop_bottom\u00a0\u00bb sticky_limit_top=\u00a0\u00bbbody\u00a0\u00bb sticky_limit_bottom=\u00a0\u00bbbody\u00a0\u00bb locked=\u00a0\u00bboff\u00a0\u00bb global_colors_info=\u00a0\u00bb{}\u00a0\u00bb][et_pb_row _builder_version=\u00a0\u00bb4.23.4&Prime; _module_preset=\u00a0\u00bbdefault\u00a0\u00bb module_alignment=\u00a0\u00bbright\u00a0\u00bb custom_padding=\u00a0\u00bb6px||0px|||\u00a0\u00bb locked=\u00a0\u00bboff\u00a0\u00bb global_colors_info=\u00a0\u00bb{}\u00a0\u00bb][et_pb_column type=\u00a0\u00bb4_4&Prime; _builder_version=\u00a0\u00bb4.23.1&Prime; _module_preset=\u00a0\u00bbdefault\u00a0\u00bb global_colors_info=\u00a0\u00bb{}\u00a0\u00bb][et_pb_image src=\u00a0\u00bbhttps:\/\/www.in-town.ch\/wp-content\/uploads\/2024\/02\/WhatsApp.svg_.webp\u00a0\u00bb title_text=\u00a0\u00bbWhatsApp.svg\u00a0\u00bb url=\u00a0\u00bbhttps:\/\/api.whatsapp.com\/send?phone=41798866282&Prime; _builder_version=\u00a0\u00bb4.24.0&Prime; _module_preset=\u00a0\u00bbdefault\u00a0\u00bb global_colors_info=\u00a0\u00bb{}\u00a0\u00bb][\/et_pb_image][\/et_pb_column][\/et_pb_row][\/et_pb_section][et_pb_section fb_built=\u00a0\u00bb1&Prime; admin_label=\u00a0\u00bbApproach\u00a0\u00bb _builder_version=\u00a0\u00bb4.20.0&Prime; _module_preset=\u00a0\u00bbdefault\u00a0\u00bb custom_padding=\u00a0\u00bb6px|||||\u00a0\u00bb collapsed=\u00a0\u00bbon\u00a0\u00bb global_colors_info=\u00a0\u00bb{}\u00a0\u00bb][et_pb_row column_structure=\u00a0\u00bb1_2,1_2&Prime; _builder_version=\u00a0\u00bb4.23.1&Prime; _module_preset=\u00a0\u00bbdefault\u00a0\u00bb max_width=\u00a0\u00bb1200px\u00a0\u00bb global_colors_info=\u00a0\u00bb{}\u00a0\u00bb][et_pb_column type=\u00a0\u00bb1_2&Prime; _builder_version=\u00a0\u00bb4.20.0&Prime; _module_preset=\u00a0\u00bbdefault\u00a0\u00bb global_colors_info=\u00a0\u00bb{}\u00a0\u00bb][et_pb_image src=\u00a0\u00bbhttps:\/\/www.in-town.ch\/wp-content\/uploads\/2023\/12\/co-working-14.png\u00a0\u00bb alt=\u00a0\u00bbpremiers secours gen\u00e8ve\u00a0\u00bb title_text=\u00a0\u00bbpermis moto suisse\u00a0\u00bb _builder_version=\u00a0\u00bb4.23.1&Prime; _module_preset=\u00a0\u00bbdefault\u00a0\u00bb background_image=\u00a0\u00bbhttps:\/\/www.in-town.ch\/wp-content\/uploads\/2024\/01\/permis-moto-suisse.jpg\u00a0\u00bb global_colors_info=\u00a0\u00bb{}\u00a0\u00bb][\/et_pb_image][et_pb_text _builder_version=\u00a0\u00bb4.23.1&Prime; _module_preset=\u00a0\u00bb376f97c6-3a66-45bf-bc97-0658e823c6ca\u00a0\u00bb text_font=\u00a0\u00bbWork Sans||||||||\u00a0\u00bb text_font_size=\u00a0\u00bb17px\u00a0\u00bb text_letter_spacing=\u00a0\u00bb-1px\u00a0\u00bb header_font_size=\u00a0\u00bb32px\u00a0\u00bb header_3_font=\u00a0\u00bbLora||||||||\u00a0\u00bb header_3_text_color=\u00a0\u00bb#000000&Prime; header_3_font_size=\u00a0\u00bb31px\u00a0\u00bb header_3_line_height=\u00a0\u00bb1.4em\u00a0\u00bb custom_margin=\u00a0\u00bb42px|||||\u00a0\u00bb global_colors_info=\u00a0\u00bb{}\u00a0\u00bb]<\/p>\n<h3>Permis moto suisse Bloc 4H : <span style=\"text-decoration: underline;\">passerelle vers la Cat\u00e9gorie A<\/span><\/h3>\n<p><span style=\"font-weight: 400;\">Le cours \u00ab Moto Bloc 4H \u00bb s&rsquo;adresse aux conducteurs titulaires du permis de la sous-cat\u00e9gorie A1 qui aspirent \u00e0 obtenir la cat\u00e9gorie A, et ce, dans le contexte suisse. Con\u00e7u sp\u00e9cifiquement pour les \u00e9l\u00e8ves conducteurs, ce cours doit \u00eatre suivi dans les 4 mois suivant l&rsquo;obtention du permis d&rsquo;\u00e9l\u00e8ve conducteur. La formation, d&rsquo;une dur\u00e9e de 4 heures, se d\u00e9roule en conditions r\u00e9elles de circulation.<\/span><\/p>\n<p><span style=\"font-weight: 400;\">Au cours de cette session, les participants r\u00e9visent les r\u00e8gles fondamentales de la conduite en moto, \u00e9valuent leur niveau de comp\u00e9tence actuel et se familiarisent avec les sp\u00e9cificit\u00e9s de la conduite en virages, notamment sur des routes sinueuses et \u00e9troites. Des techniques de freinage sont \u00e9galement enseign\u00e9es pour assurer une ma\u00eetrise optimale de la moto.<\/span><\/p>\n<p><span style=\"font-weight: 400;\">En outre, le programme inclut des notions essentielles telles que les cours de premiers secours, la th\u00e9orie de la circulation, les examens th\u00e9orique et pratique de conduite, ainsi que les exigences li\u00e9es \u00e0 la circulation routi\u00e8re.<\/span><\/p>\n<p><span style=\"font-weight: 400;\">Ce cours est particuli\u00e8rement adapt\u00e9 aux conducteurs \u00e2g\u00e9s de 18 ans et plus, d\u00e9tenteurs du permis d&rsquo;\u00e9l\u00e8ve conducteur, cherchant \u00e0 acqu\u00e9rir les comp\u00e9tences n\u00e9cessaires pour conduire une moto en toute s\u00e9curit\u00e9 sur les routes suisses.<\/span><\/p>\n<p>[\/et_pb_text][\/et_pb_column][et_pb_column type=\u00a0\u00bb1_2&Prime; _builder_version=\u00a0\u00bb4.20.0&Prime; _module_preset=\u00a0\u00bbdefault\u00a0\u00bb global_colors_info=\u00a0\u00bb{}\u00a0\u00bb][et_pb_text _builder_version=\u00a0\u00bb4.23.1&Prime; _module_preset=\u00a0\u00bb376f97c6-3a66-45bf-bc97-0658e823c6ca\u00a0\u00bb text_font=\u00a0\u00bbWork Sans||||||||\u00a0\u00bb text_font_size=\u00a0\u00bb17px\u00a0\u00bb text_letter_spacing=\u00a0\u00bb-1px\u00a0\u00bb header_font_size=\u00a0\u00bb32px\u00a0\u00bb header_3_font=\u00a0\u00bbLora||||||||\u00a0\u00bb header_3_text_color=\u00a0\u00bb#000000&Prime; header_3_font_size=\u00a0\u00bb31px\u00a0\u00bb header_3_line_height=\u00a0\u00bb1.4em\u00a0\u00bb custom_margin=\u00a0\u00bb63px||-1px|||\u00a0\u00bb global_colors_info=\u00a0\u00bb{}\u00a0\u00bb]<\/p>\n<p><span style=\"text-decoration: underline;\">\u00a03 cours \u00e0 la carte<\/span><\/p>\n<h3><\/h3>\n<p>[\/et_pb_text][et_pb_text _builder_version=\u00a0\u00bb4.23.1&Prime; _module_preset=\u00a0\u00bb376f97c6-3a66-45bf-bc97-0658e823c6ca\u00a0\u00bb text_font=\u00a0\u00bbWork Sans||||||||\u00a0\u00bb text_font_size=\u00a0\u00bb17px\u00a0\u00bb text_letter_spacing=\u00a0\u00bb-1px\u00a0\u00bb header_font_size=\u00a0\u00bb32px\u00a0\u00bb header_3_font=\u00a0\u00bbLora||||||||\u00a0\u00bb header_3_text_color=\u00a0\u00bb#000000&Prime; header_3_font_size=\u00a0\u00bb31px\u00a0\u00bb header_3_line_height=\u00a0\u00bb1.4em\u00a0\u00bb background_color=\u00a0\u00bb#FDD210&Prime; custom_margin=\u00a0\u00bb1px||1px|||\u00a0\u00bb custom_padding=\u00a0\u00bb|||12px|false|false\u00a0\u00bb global_colors_info=\u00a0\u00bb{}\u00a0\u00bb]<\/p>\n<h3><\/h3>\n<h3>Moto Initiation : Un d\u00e9part s\u00fbr sur deux roues &#8211; CHF 170\/2H<\/h3>\n<p>[\/et_pb_text][et_pb_text _builder_version=\u00a0\u00bb4.23.1&Prime; _module_preset=\u00a0\u00bb376f97c6-3a66-45bf-bc97-0658e823c6ca\u00a0\u00bb text_font=\u00a0\u00bbWork Sans||||||||\u00a0\u00bb text_font_size=\u00a0\u00bb17px\u00a0\u00bb text_letter_spacing=\u00a0\u00bb-1px\u00a0\u00bb header_font_size=\u00a0\u00bb32px\u00a0\u00bb header_3_font=\u00a0\u00bbLora||||||||\u00a0\u00bb header_3_text_color=\u00a0\u00bb#000000&Prime; header_3_font_size=\u00a0\u00bb31px\u00a0\u00bb header_3_line_height=\u00a0\u00bb1.4em\u00a0\u00bb custom_margin=\u00a0\u00bb16px||15px|||\u00a0\u00bb global_colors_info=\u00a0\u00bb{}\u00a0\u00bb]<\/p>\n<p>Ce cours particulier s&rsquo;adresse aux jeunes conducteurs qui d\u00e9couvrent le monde des deux-roues avec l&rsquo;accompagnement d&rsquo;un instructeur professionnel. Les d\u00e9buts \u00e0 moto n\u00e9cessitent une ma\u00eetrise technique d\u00e8s le d\u00e9part, et ce cours a pour objectif de les enseigner en toute s\u00e9curit\u00e9. Il a une dur\u00e9e minimale de deux heures. Pendant la formation, on abordera des \u00e9l\u00e9ments importants tels que le cours de sensibilisation, la pratique de base (IPB) et la compr\u00e9hension du rapport puissance-poids. Ces connaissances essentielles contribueront \u00e0 une exp\u00e9rience de conduite plus s\u00fbre et confiante. Id\u00e9al pour les conducteurs d\u00e9butants de 15 ans et plus en Suisse.<\/p>\n<p>[\/et_pb_text][et_pb_text _builder_version=\u00a0\u00bb4.23.1&Prime; _module_preset=\u00a0\u00bb376f97c6-3a66-45bf-bc97-0658e823c6ca\u00a0\u00bb text_font=\u00a0\u00bbWork Sans||||||||\u00a0\u00bb text_font_size=\u00a0\u00bb17px\u00a0\u00bb text_letter_spacing=\u00a0\u00bb-1px\u00a0\u00bb header_font_size=\u00a0\u00bb32px\u00a0\u00bb header_3_font=\u00a0\u00bbLora||||||||\u00a0\u00bb header_3_text_color=\u00a0\u00bb#000000&Prime; header_3_font_size=\u00a0\u00bb31px\u00a0\u00bb header_3_line_height=\u00a0\u00bb1.4em\u00a0\u00bb background_color=\u00a0\u00bb#FDD210&Prime; custom_margin=\u00a0\u00bb1px||1px|||\u00a0\u00bb custom_padding=\u00a0\u00bb|||12px|false|false\u00a0\u00bb global_colors_info=\u00a0\u00bb{}\u00a0\u00bb]<\/p>\n<h3><\/h3>\n<h3>Moto cours de perfectionnement : affinez vos comp\u00e9tences &#8211; CHF 170\/2H<\/h3>\n<p>[\/et_pb_text][et_pb_text _builder_version=\u00a0\u00bb4.23.1&Prime; _module_preset=\u00a0\u00bb376f97c6-3a66-45bf-bc97-0658e823c6ca\u00a0\u00bb text_font=\u00a0\u00bbWork Sans||||||||\u00a0\u00bb text_font_size=\u00a0\u00bb17px\u00a0\u00bb text_letter_spacing=\u00a0\u00bb-1px\u00a0\u00bb header_font_size=\u00a0\u00bb32px\u00a0\u00bb header_3_font=\u00a0\u00bbLora||||||||\u00a0\u00bb header_3_text_color=\u00a0\u00bb#000000&Prime; header_3_font_size=\u00a0\u00bb31px\u00a0\u00bb header_3_line_height=\u00a0\u00bb1.4em\u00a0\u00bb custom_margin=\u00a0\u00bb16px|||||\u00a0\u00bb global_colors_info=\u00a0\u00bb{}\u00a0\u00bb]<\/p>\n<p><span style=\"font-weight: 400;\">Pour ceux qui poss\u00e8dent d\u00e9j\u00e0 leur permis moto et cherchent \u00e0 perfectionner leurs comp\u00e9tences, le cours de perfectionnement en moto est id\u00e9al. Que ce soit pour ma\u00eetriser les trajectoires, les \u00e9vitements d\u2019obstacles ou am\u00e9liorer les comp\u00e9tences de maniabilit\u00e9 et de conduite lente, ce cours individuel de deux heures est une opportunit\u00e9 d\u2019affiner vos comp\u00e9tences de conduite \u00e0 moto.<\/span><\/p>\n<p>[\/et_pb_text][et_pb_text _builder_version=\u00a0\u00bb4.23.1&Prime; _module_preset=\u00a0\u00bb376f97c6-3a66-45bf-bc97-0658e823c6ca\u00a0\u00bb text_font=\u00a0\u00bbWork Sans||||||||\u00a0\u00bb text_font_size=\u00a0\u00bb17px\u00a0\u00bb text_letter_spacing=\u00a0\u00bb-1px\u00a0\u00bb header_font_size=\u00a0\u00bb32px\u00a0\u00bb header_3_font=\u00a0\u00bbLora||||||||\u00a0\u00bb header_3_text_color=\u00a0\u00bb#000000&Prime; header_3_font_size=\u00a0\u00bb31px\u00a0\u00bb header_3_line_height=\u00a0\u00bb1.4em\u00a0\u00bb background_color=\u00a0\u00bb#FDD210&Prime; custom_margin=\u00a0\u00bb1px||1px|||\u00a0\u00bb custom_padding=\u00a0\u00bb|||12px|false|false\u00a0\u00bb global_colors_info=\u00a0\u00bb{}\u00a0\u00bb]<\/p>\n<h3><\/h3>\n<h3>Moto pr\u00e9paration examen : Maximisez vos chances de r\u00e9ussite &#8211; CHF 170\/2H<\/h3>\n<p>[\/et_pb_text][et_pb_text _builder_version=\u00a0\u00bb4.23.1&Prime; _module_preset=\u00a0\u00bb376f97c6-3a66-45bf-bc97-0658e823c6ca\u00a0\u00bb text_font=\u00a0\u00bbWork Sans||||||||\u00a0\u00bb text_font_size=\u00a0\u00bb17px\u00a0\u00bb text_letter_spacing=\u00a0\u00bb-1px\u00a0\u00bb header_font_size=\u00a0\u00bb32px\u00a0\u00bb header_3_font=\u00a0\u00bbLora||||||||\u00a0\u00bb header_3_text_color=\u00a0\u00bb#000000&Prime; header_3_font_size=\u00a0\u00bb31px\u00a0\u00bb header_3_line_height=\u00a0\u00bb1.4em\u00a0\u00bb custom_margin=\u00a0\u00bb16px|||||\u00a0\u00bb global_colors_info=\u00a0\u00bb{}\u00a0\u00bb]<\/p>\n<p><span style=\"font-weight: 400;\">Pour les apprentis conducteurs de moto (cat\u00e9gorie A) et de cyclomoteur (sous-cat\u00e9gorie A1) d\u00e9sireux d&rsquo;am\u00e9liorer leurs chances de r\u00e9ussite \u00e0 l&rsquo;\u00e9preuve pratique, ce programme est essentiel. Propos\u00e9 en cours individuels ou en groupe, il garantit une pr\u00e9paration exhaustive \u00e0 l&rsquo;examen pratique de conduite, comprenant au moins deux heures d\u2019 instruction pratique, le tout au tarif de 170 CHF. Cette formation vise \u00e0 optimiser les comp\u00e9tences n\u00e9cessaires pour r\u00e9ussir l&rsquo;examen de conduite, tant pour la cat\u00e9gorie A que pour la sous-cat\u00e9gorie A1.<\/span><\/p>\n<p>[\/et_pb_text][\/et_pb_column][\/et_pb_row][et_pb_row custom_padding_last_edited=\u00a0\u00bbon|phone\u00a0\u00bb _builder_version=\u00a0\u00bb4.23.1&Prime; _module_preset=\u00a0\u00bbdefault\u00a0\u00bb background_color=\u00a0\u00bb#FDD210&Prime; width=\u00a0\u00bb100%\u00a0\u00bb max_width=\u00a0\u00bb1200px\u00a0\u00bb custom_margin=\u00a0\u00bb1px|auto|31px|auto|false|false\u00a0\u00bb custom_padding=\u00a0\u00bb34px|50px|84px|50px|false|true\u00a0\u00bb custom_padding_tablet=\u00a0\u00bb69px|30px|30px|30px|false|true\u00a0\u00bb custom_padding_phone=\u00a0\u00bb|10px||10px|false|true\u00a0\u00bb border_radii=\u00a0\u00bboff|||0vw|\u00a0\u00bb border_radii_last_edited=\u00a0\u00bboff|desktop\u00a0\u00bb locked=\u00a0\u00bboff\u00a0\u00bb global_colors_info=\u00a0\u00bb{}\u00a0\u00bb][et_pb_column type=\u00a0\u00bb4_4&Prime; _builder_version=\u00a0\u00bb4.20.0&Prime; _module_preset=\u00a0\u00bbdefault\u00a0\u00bb global_colors_info=\u00a0\u00bb{}\u00a0\u00bb][et_pb_toggle title=\u00a0\u00bbPermis moto suisse Bloc 12H : Pr\u00e9paration compl\u00e8te pour les nouveaux conducteurs\u00a0\u00bb open=\u00a0\u00bbon\u00a0\u00bb open_toggle_background_color=\u00a0\u00bbRGBA(255,255,255,0)\u00a0\u00bb closed_toggle_background_color=\u00a0\u00bbRGBA(255,255,255,0)\u00a0\u00bb icon_color=\u00a0\u00bb#000000&Prime; toggle_icon=\u00a0\u00bb&#x4c;||divi||400&Prime; use_icon_font_size=\u00a0\u00bbon\u00a0\u00bb icon_font_size=\u00a0\u00bb64px\u00a0\u00bb open_icon_color=\u00a0\u00bb#000000&Prime; open_toggle_icon=\u00a0\u00bb&#x4b;||divi||400&Prime; open_use_icon_font_size=\u00a0\u00bbon\u00a0\u00bb open_icon_font_size=\u00a0\u00bb64px\u00a0\u00bb icon_font_size_tablet=\u00a0\u00bb\u00a0\u00bb icon_font_size_phone=\u00a0\u00bb32px\u00a0\u00bb icon_font_size_last_edited=\u00a0\u00bbon|phone\u00a0\u00bb open_icon_font_size_tablet=\u00a0\u00bb\u00a0\u00bb open_icon_font_size_phone=\u00a0\u00bb32px\u00a0\u00bb open_icon_font_size_last_edited=\u00a0\u00bbon|desktop\u00a0\u00bb _builder_version=\u00a0\u00bb4.23.1&Prime; _module_preset=\u00a0\u00bbcdc2a25e-ce5b-4629-a3af-c4aa76128459&Prime; title_text_color=\u00a0\u00bb#000000&Prime; title_level=\u00a0\u00bbh2&Prime; title_font=\u00a0\u00bbLora||||||||\u00a0\u00bb title_font_size=\u00a0\u00bb31px\u00a0\u00bb body_font=\u00a0\u00bbWork Sans||||||||\u00a0\u00bb body_text_color=\u00a0\u00bb#000000&Prime; body_font_size=\u00a0\u00bb17px\u00a0\u00bb body_letter_spacing=\u00a0\u00bb-1px\u00a0\u00bb custom_padding=\u00a0\u00bb|0px||0px|false|true\u00a0\u00bb title_font_size_tablet=\u00a0\u00bb24px\u00a0\u00bb title_font_size_phone=\u00a0\u00bb18px\u00a0\u00bb title_font_size_last_edited=\u00a0\u00bbon|desktop\u00a0\u00bb border_width_all=\u00a0\u00bb0px\u00a0\u00bb border_width_bottom=\u00a0\u00bb1px\u00a0\u00bb border_color_bottom=\u00a0\u00bb#000000&Prime; global_colors_info=\u00a0\u00bb{}\u00a0\u00bb]<\/p>\n<p><span style=\"font-weight: 400;\">Le cours \u00ab Moto Bloc 12H \u00bb est con\u00e7u pour tous les \u00e9l\u00e8ves conducteurs souhaitant obtenir la cat\u00e9gorie A et sous-cat\u00e9gorie A<\/span><span style=\"font-weight: 400;\">1<\/span><span style=\"font-weight: 400;\"> de leur permis moto. Ce cours doit \u00eatre suivi dans les 4 mois suivant l\u2019obtention du permis d\u2019\u00e9l\u00e8ve conducteur. Une fois ce cours termin\u00e9, le permis d\u2019\u00e9l\u00e8ve est prolong\u00e9 de 12 mois, offrant ainsi une formation approfondie et une p\u00e9riode d\u2019adaptation essentielle.<\/span><\/p>\n<p><span style=\"font-weight: 400;\">Le cours se d\u00e9roule en groupe, avec un maximum de 5 participants pour garantir une attention personnalis\u00e9e. Il est r\u00e9parti en trois blocs de 4 heures, \u00e9tal\u00e9s sur trois jours distincts pour une immersion progressive dans l\u2019univers de la moto.<\/span><\/p>\n<p><b>BLOC 1 (4H) :<\/b><span style=\"font-weight: 400;\"> Le premier bloc se concentre sur les comp\u00e9tences de base. Les participants s\u2019exercent \u00e0 la maniabilit\u00e9 \u00e0 basse vitesse, \u00e0 la circulation \u00e0 vitesse r\u00e9duite, et acqui\u00e8rent une connaissance approfondie de leur \u00e9quipement et de leur deux-roues. L\u2019approche des intersections en circulation est \u00e9galement abord\u00e9e.<\/span><\/p>\n<p><b>BLOC 2 (4H) :<\/b><span style=\"font-weight: 400;\"> Le deuxi\u00e8me bloc se d\u00e9roule en circulation et vise \u00e0 r\u00e9activer les acquis du bloc 1. Les r\u00e8gles de circulation, la gestion du regard, la position sur la moto et les techniques de freinage sont au c\u0153ur de ce bloc. Les dangers sp\u00e9cifiques li\u00e9s \u00e0 la conduite d\u2019un deux-roues sont \u00e9galement examin\u00e9s.<\/span><\/p>\n<p class=\"p1\"><b>BLOC 3 (4H) :<\/b><span style=\"font-weight: 400;\"> Le troisi\u00e8me bloc se concentre sur la conduite en virages, sur des routes sinueuses et \u00e9troites. Les participants ont l\u2019occasion d\u2019appliquer les techniques de freinage dans des conditions r\u00e9elles.<\/span><\/p>\n<p>[\/et_pb_toggle][\/et_pb_column][\/et_pb_row][et_pb_row custom_padding_last_edited=\u00a0\u00bbon|phone\u00a0\u00bb _builder_version=\u00a0\u00bb4.23.1&Prime; _module_preset=\u00a0\u00bbdefault\u00a0\u00bb background_enable_color=\u00a0\u00bboff\u00a0\u00bb width=\u00a0\u00bb100%\u00a0\u00bb max_width=\u00a0\u00bb1200px\u00a0\u00bb custom_margin=\u00a0\u00bb1px|auto|31px|auto|false|false\u00a0\u00bb custom_padding=\u00a0\u00bb34px|50px|34px|50px|true|true\u00a0\u00bb custom_padding_tablet=\u00a0\u00bb69px|30px|30px|30px|false|true\u00a0\u00bb custom_padding_phone=\u00a0\u00bb|10px||10px|false|true\u00a0\u00bb border_radii=\u00a0\u00bboff|||150px|\u00a0\u00bb border_width_right=\u00a0\u00bb1px\u00a0\u00bb border_width_bottom=\u00a0\u00bb1px\u00a0\u00bb border_width_left=\u00a0\u00bb1px\u00a0\u00bb border_radii_last_edited=\u00a0\u00bboff|desktop\u00a0\u00bb locked=\u00a0\u00bboff\u00a0\u00bb global_colors_info=\u00a0\u00bb{}\u00a0\u00bb][et_pb_column type=\u00a0\u00bb4_4&Prime; _builder_version=\u00a0\u00bb4.20.0&Prime; _module_preset=\u00a0\u00bbdefault\u00a0\u00bb global_colors_info=\u00a0\u00bb{}\u00a0\u00bb][et_pb_toggle title=\u00a0\u00bbPassez votre permis moto en toute s\u00e9r\u00e9nit\u00e9\u00a0\u00bb open=\u00a0\u00bbon\u00a0\u00bb open_toggle_background_color=\u00a0\u00bbRGBA(255,255,255,0)\u00a0\u00bb closed_toggle_background_color=\u00a0\u00bbRGBA(255,255,255,0)\u00a0\u00bb icon_color=\u00a0\u00bb#000000&Prime; toggle_icon=\u00a0\u00bb&#x4c;||divi||400&Prime; use_icon_font_size=\u00a0\u00bbon\u00a0\u00bb icon_font_size=\u00a0\u00bb64px\u00a0\u00bb open_icon_color=\u00a0\u00bb#000000&Prime; open_toggle_icon=\u00a0\u00bb&#x4b;||divi||400&Prime; open_use_icon_font_size=\u00a0\u00bbon\u00a0\u00bb open_icon_font_size=\u00a0\u00bb64px\u00a0\u00bb icon_font_size_tablet=\u00a0\u00bb\u00a0\u00bb icon_font_size_phone=\u00a0\u00bb32px\u00a0\u00bb icon_font_size_last_edited=\u00a0\u00bbon|phone\u00a0\u00bb open_icon_font_size_tablet=\u00a0\u00bb\u00a0\u00bb open_icon_font_size_phone=\u00a0\u00bb32px\u00a0\u00bb open_icon_font_size_last_edited=\u00a0\u00bbon|desktop\u00a0\u00bb _builder_version=\u00a0\u00bb4.25.0&Prime; _module_preset=\u00a0\u00bbcdc2a25e-ce5b-4629-a3af-c4aa76128459&Prime; title_text_color=\u00a0\u00bb#000000&Prime; title_level=\u00a0\u00bbh2&Prime; title_font=\u00a0\u00bbLora||||||||\u00a0\u00bb title_font_size=\u00a0\u00bb31px\u00a0\u00bb body_font=\u00a0\u00bbWork Sans||||||||\u00a0\u00bb body_text_color=\u00a0\u00bb#000000&Prime; body_font_size=\u00a0\u00bb17px\u00a0\u00bb body_letter_spacing=\u00a0\u00bb-1px\u00a0\u00bb custom_padding=\u00a0\u00bb|0px||0px|false|true\u00a0\u00bb title_font_size_tablet=\u00a0\u00bb24px\u00a0\u00bb title_font_size_phone=\u00a0\u00bb18px\u00a0\u00bb title_font_size_last_edited=\u00a0\u00bbon|desktop\u00a0\u00bb border_width_all=\u00a0\u00bb0px\u00a0\u00bb border_color_bottom=\u00a0\u00bb#000000&Prime; global_colors_info=\u00a0\u00bb{}\u00a0\u00bb]<\/p>\n<p><span style=\"font-weight: 400;\">\u00c0 partir du 1er janvier 2021, les cours de pr\u00e9paration au permis moto \u00e0 Gen\u00e8ve offrent une formation compl\u00e8te adapt\u00e9e \u00e0 tous les niveaux de conduite. Que vous soyez novice ou chevronn\u00e9, nos cours assurent une conduite s\u00e9curis\u00e9e et une exp\u00e9rience moto enrichissante. Investissez dans votre s\u00e9curit\u00e9 et votre plaisir en suivant l&rsquo;un de nos cours de pratique. Notre programme est con\u00e7u pour permettre \u00e0 chacun de profiter pleinement de la conduite \u00e0 moto. Optez pour la s\u00e9curit\u00e9 routi\u00e8re et le plaisir de conduire en toute confiance.<\/span><\/p>\n<p>[\/et_pb_toggle][\/et_pb_column][\/et_pb_row][\/et_pb_section]<\/p>\n","protected":false},"excerpt":{"rendered":"<p>Permis moto Suisse : pratiquer avec des prosJe r\u00e9serveR\u00e9servez un cours de conduite moto en ligneLa moto, symbole de libert\u00e9 et d\u2019aventure, n\u00e9cessite une formation compl\u00e8te pour \u00eatre ma\u00eetris\u00e9e en toute s\u00e9curit\u00e9. \u00c0 Gen\u00e8ve, notre \u00e9cole de moto propose une gamme de cours de pratique de moto adapt\u00e9s \u00e0 tous les niveaux, des d\u00e9butants aux [&hellip;]<\/p>\n","protected":false},"author":4,"featured_media":304,"parent":0,"menu_order":0,"comment_status":"closed","ping_status":"closed","template":"","meta":{"_et_pb_use_builder":"on","_et_pb_old_content":"","_et_gb_content_width":"","footnotes":""},"class_list":["post-138","page","type-page","status-publish","has-post-thumbnail","hentry"],"yoast_head":"<!-- This site is optimized with the Yoast SEO plugin v27.0 - https:\/\/yoast.com\/product\/yoast-seo-wordpress\/ -->\n<title>Cours de pratique de Moto avec des passionn\u00e9s - Auto \u00e9cole Gen\u00e8ve<\/title>\n<meta name=\"description\" content=\"Cours de pratique moto \u00e0 Gen\u00e8ve pour perfectionner vos comp\u00e9tences de conduite en toute s\u00e9curit\u00e9. Instructeurs experts et ambiance conviviale\" \/>\n<meta name=\"robots\" content=\"index, follow, max-snippet:-1, max-image-preview:large, max-video-preview:-1\" \/>\n<link rel=\"canonical\" href=\"https:\/\/www.in-town.ch\/en\/swiss-motorcycle-license-practice\/\" \/>\n<meta property=\"og:locale\" content=\"en_US\" \/>\n<meta property=\"og:type\" content=\"article\" \/>\n<meta property=\"og:title\" content=\"Cours de pratique de Moto avec des passionn\u00e9s - Auto \u00e9cole Gen\u00e8ve\" \/>\n<meta property=\"og:description\" content=\"Cours de pratique moto \u00e0 Gen\u00e8ve pour perfectionner vos comp\u00e9tences de conduite en toute s\u00e9curit\u00e9. Instructeurs experts et ambiance conviviale\" \/>\n<meta property=\"og:url\" content=\"https:\/\/www.in-town.ch\/en\/swiss-motorcycle-license-practice\/\" \/>\n<meta property=\"og:site_name\" content=\"Auto \u00e9cole Gen\u00e8ve\" \/>\n<meta property=\"article:modified_time\" content=\"2024-11-29T11:25:11+00:00\" \/>\n<meta property=\"og:image\" content=\"https:\/\/www.in-town.ch\/wp-content\/uploads\/2024\/01\/permis-moto-suisse-geneve.jpg\" \/>\n\t<meta property=\"og:image:width\" content=\"1400\" \/>\n\t<meta property=\"og:image:height\" content=\"877\" \/>\n\t<meta property=\"og:image:type\" content=\"image\/jpeg\" \/>\n<meta name=\"twitter:card\" content=\"summary_large_image\" \/>\n<meta name=\"twitter:label1\" content=\"Est. reading time\" \/>\n\t<meta name=\"twitter:data1\" content=\"6 minutes\" \/>\n<script type=\"application\/ld+json\" class=\"yoast-schema-graph\">{\"@context\":\"https:\/\/schema.org\",\"@graph\":[{\"@type\":\"WebPage\",\"@id\":\"https:\/\/www.in-town.ch\/permis-moto-suisse-la-pratique\/\",\"url\":\"https:\/\/www.in-town.ch\/permis-moto-suisse-la-pratique\/\",\"name\":\"Cours de pratique de Moto avec des passionn\u00e9s - Auto \u00e9cole Gen\u00e8ve\",\"isPartOf\":{\"@id\":\"https:\/\/www.in-town.ch\/#website\"},\"primaryImageOfPage\":{\"@id\":\"https:\/\/www.in-town.ch\/permis-moto-suisse-la-pratique\/#primaryimage\"},\"image\":{\"@id\":\"https:\/\/www.in-town.ch\/permis-moto-suisse-la-pratique\/#primaryimage\"},\"thumbnailUrl\":\"https:\/\/www.in-town.ch\/wp-content\/uploads\/2024\/01\/permis-moto-suisse-geneve.jpg\",\"datePublished\":\"2023-12-29T11:54:25+00:00\",\"dateModified\":\"2024-11-29T11:25:11+00:00\",\"description\":\"Cours de pratique moto \u00e0 Gen\u00e8ve pour perfectionner vos comp\u00e9tences de conduite en toute s\u00e9curit\u00e9. Instructeurs experts et ambiance conviviale\",\"breadcrumb\":{\"@id\":\"https:\/\/www.in-town.ch\/permis-moto-suisse-la-pratique\/#breadcrumb\"},\"inLanguage\":\"en-US\",\"potentialAction\":[{\"@type\":\"ReadAction\",\"target\":[\"https:\/\/www.in-town.ch\/permis-moto-suisse-la-pratique\/\"]}]},{\"@type\":\"ImageObject\",\"inLanguage\":\"en-US\",\"@id\":\"https:\/\/www.in-town.ch\/permis-moto-suisse-la-pratique\/#primaryimage\",\"url\":\"https:\/\/www.in-town.ch\/wp-content\/uploads\/2024\/01\/permis-moto-suisse-geneve.jpg\",\"contentUrl\":\"https:\/\/www.in-town.ch\/wp-content\/uploads\/2024\/01\/permis-moto-suisse-geneve.jpg\",\"width\":1400,\"height\":877,\"caption\":\"permis moto suisse geneve\"},{\"@type\":\"BreadcrumbList\",\"@id\":\"https:\/\/www.in-town.ch\/permis-moto-suisse-la-pratique\/#breadcrumb\",\"itemListElement\":[{\"@type\":\"ListItem\",\"position\":1,\"name\":\"Accueil\",\"item\":\"https:\/\/www.in-town.ch\/\"},{\"@type\":\"ListItem\",\"position\":2,\"name\":\"Permis moto suisse : la pratique\"}]},{\"@type\":\"WebSite\",\"@id\":\"https:\/\/www.in-town.ch\/#website\",\"url\":\"https:\/\/www.in-town.ch\/\",\"name\":\"In Town - Auto \u00e9cole Gen\u00e8ve\",\"description\":\"Permis de conduire Suisse\",\"publisher\":{\"@id\":\"https:\/\/www.in-town.ch\/#organization\"},\"potentialAction\":[{\"@type\":\"SearchAction\",\"target\":{\"@type\":\"EntryPoint\",\"urlTemplate\":\"https:\/\/www.in-town.ch\/?s={search_term_string}\"},\"query-input\":{\"@type\":\"PropertyValueSpecification\",\"valueRequired\":true,\"valueName\":\"search_term_string\"}}],\"inLanguage\":\"en-US\"},{\"@type\":\"Organization\",\"@id\":\"https:\/\/www.in-town.ch\/#organization\",\"name\":\"In Town\",\"url\":\"https:\/\/www.in-town.ch\/\",\"logo\":{\"@type\":\"ImageObject\",\"inLanguage\":\"en-US\",\"@id\":\"https:\/\/www.in-town.ch\/#\/schema\/logo\/image\/\",\"url\":\"https:\/\/www.in-town.ch\/wp-content\/uploads\/2023\/12\/intown-bnW.png\",\"contentUrl\":\"https:\/\/www.in-town.ch\/wp-content\/uploads\/2023\/12\/intown-bnW.png\",\"width\":500,\"height\":209,\"caption\":\"In Town\"},\"image\":{\"@id\":\"https:\/\/www.in-town.ch\/#\/schema\/logo\/image\/\"}}]}<\/script>\n<!-- \/ Yoast SEO plugin. -->","yoast_head_json":{"title":"Practical motorcycle lessons with enthusiasts - Auto \u00e9cole Gen\u00e8ve","description":"Practical motorcycle courses in Geneva to perfect your riding skills in complete safety. Expert instructors and a friendly atmosphere","robots":{"index":"index","follow":"follow","max-snippet":"max-snippet:-1","max-image-preview":"max-image-preview:large","max-video-preview":"max-video-preview:-1"},"canonical":"https:\/\/www.in-town.ch\/en\/swiss-motorcycle-license-practice\/","og_locale":"en_US","og_type":"article","og_title":"Cours de pratique de Moto avec des passionn\u00e9s - Auto \u00e9cole Gen\u00e8ve","og_description":"Cours de pratique moto \u00e0 Gen\u00e8ve pour perfectionner vos comp\u00e9tences de conduite en toute s\u00e9curit\u00e9. Instructeurs experts et ambiance conviviale","og_url":"https:\/\/www.in-town.ch\/en\/swiss-motorcycle-license-practice\/","og_site_name":"Auto \u00e9cole Gen\u00e8ve","article_modified_time":"2024-11-29T11:25:11+00:00","og_image":[{"width":1400,"height":877,"url":"https:\/\/www.in-town.ch\/wp-content\/uploads\/2024\/01\/permis-moto-suisse-geneve.jpg","type":"image\/jpeg"}],"twitter_card":"summary_large_image","twitter_misc":{"Est. reading time":"6 minutes"},"schema":{"@context":"https:\/\/schema.org","@graph":[{"@type":"WebPage","@id":"https:\/\/www.in-town.ch\/permis-moto-suisse-la-pratique\/","url":"https:\/\/www.in-town.ch\/permis-moto-suisse-la-pratique\/","name":"Practical motorcycle lessons with enthusiasts - Auto \u00e9cole Gen\u00e8ve","isPartOf":{"@id":"https:\/\/www.in-town.ch\/#website"},"primaryImageOfPage":{"@id":"https:\/\/www.in-town.ch\/permis-moto-suisse-la-pratique\/#primaryimage"},"image":{"@id":"https:\/\/www.in-town.ch\/permis-moto-suisse-la-pratique\/#primaryimage"},"thumbnailUrl":"https:\/\/www.in-town.ch\/wp-content\/uploads\/2024\/01\/permis-moto-suisse-geneve.jpg","datePublished":"2023-12-29T11:54:25+00:00","dateModified":"2024-11-29T11:25:11+00:00","description":"Practical motorcycle courses in Geneva to perfect your riding skills in complete safety. Expert instructors and a friendly atmosphere","breadcrumb":{"@id":"https:\/\/www.in-town.ch\/permis-moto-suisse-la-pratique\/#breadcrumb"},"inLanguage":"en-US","potentialAction":[{"@type":"ReadAction","target":["https:\/\/www.in-town.ch\/permis-moto-suisse-la-pratique\/"]}]},{"@type":"ImageObject","inLanguage":"en-US","@id":"https:\/\/www.in-town.ch\/permis-moto-suisse-la-pratique\/#primaryimage","url":"https:\/\/www.in-town.ch\/wp-content\/uploads\/2024\/01\/permis-moto-suisse-geneve.jpg","contentUrl":"https:\/\/www.in-town.ch\/wp-content\/uploads\/2024\/01\/permis-moto-suisse-geneve.jpg","width":1400,"height":877,"caption":"permis moto suisse geneve"},{"@type":"BreadcrumbList","@id":"https:\/\/www.in-town.ch\/permis-moto-suisse-la-pratique\/#breadcrumb","itemListElement":[{"@type":"ListItem","position":1,"name":"Accueil","item":"https:\/\/www.in-town.ch\/"},{"@type":"ListItem","position":2,"name":"Permis moto suisse : la pratique"}]},{"@type":"WebSite","@id":"https:\/\/www.in-town.ch\/#website","url":"https:\/\/www.in-town.ch\/","name":"In Town - Car school Geneva","description":"Swiss driver's license","publisher":{"@id":"https:\/\/www.in-town.ch\/#organization"},"potentialAction":[{"@type":"SearchAction","target":{"@type":"EntryPoint","urlTemplate":"https:\/\/www.in-town.ch\/?s={search_term_string}"},"query-input":{"@type":"PropertyValueSpecification","valueRequired":true,"valueName":"search_term_string"}}],"inLanguage":"en-US"},{"@type":"Organization","@id":"https:\/\/www.in-town.ch\/#organization","name":"In Town","url":"https:\/\/www.in-town.ch\/","logo":{"@type":"ImageObject","inLanguage":"en-US","@id":"https:\/\/www.in-town.ch\/#\/schema\/logo\/image\/","url":"https:\/\/www.in-town.ch\/wp-content\/uploads\/2023\/12\/intown-bnW.png","contentUrl":"https:\/\/www.in-town.ch\/wp-content\/uploads\/2023\/12\/intown-bnW.png","width":500,"height":209,"caption":"In Town"},"image":{"@id":"https:\/\/www.in-town.ch\/#\/schema\/logo\/image\/"}}]}},"_links":{"self":[{"href":"https:\/\/www.in-town.ch\/en\/wp-json\/wp\/v2\/pages\/138","targetHints":{"allow":["GET"]}}],"collection":[{"href":"https:\/\/www.in-town.ch\/en\/wp-json\/wp\/v2\/pages"}],"about":[{"href":"https:\/\/www.in-town.ch\/en\/wp-json\/wp\/v2\/types\/page"}],"author":[{"embeddable":true,"href":"https:\/\/www.in-town.ch\/en\/wp-json\/wp\/v2\/users\/4"}],"replies":[{"embeddable":true,"href":"https:\/\/www.in-town.ch\/en\/wp-json\/wp\/v2\/comments?post=138"}],"version-history":[{"count":0,"href":"https:\/\/www.in-town.ch\/en\/wp-json\/wp\/v2\/pages\/138\/revisions"}],"wp:featuredmedia":[{"embeddable":true,"href":"https:\/\/www.in-town.ch\/en\/wp-json\/wp\/v2\/media\/304"}],"wp:attachment":[{"href":"https:\/\/www.in-town.ch\/en\/wp-json\/wp\/v2\/media?parent=138"}],"curies":[{"name":"wp","href":"https:\/\/api.w.org\/{rel}","templated":true}]}}